{"id":672,"date":"2025-07-16T11:58:32","date_gmt":"2025-07-16T14:58:32","guid":{"rendered":"https:\/\/11simposioesocite.ufpa.br\/?page_id=672"},"modified":"2025-09-17T15:06:56","modified_gmt":"2025-09-17T18:06:56","slug":"programacao-geral","status":"publish","type":"page","link":"https:\/\/11simposioesocite.ufpa.br\/?page_id=672","title":{"rendered":"Programa\u00e7\u00e3o Geral"},"content":{"rendered":"\n<p class=\"has-text-align-center\"><strong>Programa\u00e7\u00e3o Geral do <\/strong><strong>11\u00b0<\/strong><strong> Simp\u00f3sio Nacional de Ci\u00eancia, Tecnologia e Sociedade<\/strong><\/p>\n\n\n\n<p class=\"has-text-align-center\"><strong>17 a 19 de setembro de 2025 <\/strong><strong>&#8211; <\/strong><strong>Bel\u00e9m-PA<\/strong><\/p>\n\n\n\n<figure class=\"wp-block-table\"><table class=\"has-fixed-layout\"><tbody><tr><td class=\"has-text-align-center\" data-align=\"center\"><strong>Atividade<\/strong><\/td><td class=\"has-text-align-center\" data-align=\"center\"><strong>Dias<\/strong><\/td><td class=\"has-text-align-center\" data-align=\"center\"><strong>Hor\u00e1rio<\/strong><\/td><td class=\"has-text-align-center\" data-align=\"center\"><strong>Local<\/strong><\/td><\/tr><tr><td class=\"has-text-align-center\" data-align=\"center\">Credenciamento<\/td><td class=\"has-text-align-center\" data-align=\"center\">17 e 18\/09\/2025<\/td><td class=\"has-text-align-center\" data-align=\"center\">8h \u00e0s 17h30<\/td><td class=\"has-text-align-center\" data-align=\"center\">Espa\u00e7o de Ensino Mirante do Rio | sala 212 (2o andar)- UFPA<\/td><\/tr><\/tbody><\/table><\/figure>\n\n\n\n<figure class=\"wp-block-table\"><table class=\"has-fixed-layout\"><tbody><tr><td><strong>Hor\u00e1rio<\/strong><\/td><td class=\"has-text-align-center\" data-align=\"center\"><strong>17\/09<\/strong><\/td><td class=\"has-text-align-center\" data-align=\"center\"><strong>18\/09<\/strong><\/td><td class=\"has-text-align-center\" data-align=\"center\"><strong>19\/09<\/strong><\/td><\/tr><tr><td>8h00 &#8211; 9h30<\/td><td class=\"has-text-align-center\" data-align=\"center\"><br><strong><a href=\"https:\/\/11simposioesocite.ufpa.br\/?page_id=197\">Minicursos<\/a> e<\/strong> <strong><a href=\"https:\/\/11simposioesocite.ufpa.br\/?page_id=194\">Oficinas<\/a><\/strong><br><br><\/td><td class=\"has-text-align-center\" data-align=\"center\"><strong><a href=\"https:\/\/11simposioesocite.ufpa.br\/?page_id=197\">Minicursos<\/a> e<\/strong> <strong><a href=\"https:\/\/11simposioesocite.ufpa.br\/?page_id=194\">Oficinas<\/a><\/strong><\/td><td class=\"has-text-align-center\" data-align=\"center\"><strong><a href=\"https:\/\/11simposioesocite.ufpa.br\/?page_id=197\">Minicursos<\/a> e<\/strong> <strong><a href=\"https:\/\/11simposioesocite.ufpa.br\/?page_id=194\">Oficinas<\/a><\/strong><\/td><\/tr><tr><td>9h30 &#8211; 10h00<\/td><td class=\"has-text-align-center\" data-align=\"center\">Coffee break<\/td><td class=\"has-text-align-center\" data-align=\"center\">Coffee break<\/td><td class=\"has-text-align-center\" data-align=\"center\">Coffee break<\/td><\/tr><tr><td>10h00 &#8211; 11h00<\/td><td class=\"has-text-align-center\" data-align=\"center\"><br><strong><mark style=\"background-color:rgba(0, 0, 0, 0)\" class=\"has-inline-color has-black-color\">Mesa de Abertura<\/mark><\/strong><br><br><\/td><td class=\"has-text-align-center\" data-align=\"center\"><strong><a href=\"https:\/\/11simposioesocite.ufpa.br\/?page_id=938\">Lan\u00e7amento de Livros<\/a><\/strong><\/td><td class=\"has-text-align-center\" data-align=\"center\"><strong><a href=\"https:\/\/11simposioesocite.ufpa.br\/?page_id=910\">Confer\u00eancia de Encerramento<\/a><\/strong><\/td><\/tr><tr><td>11h00 &#8211; 12h00<\/td><td class=\"has-text-align-center\" data-align=\"center\"><br><strong><a href=\"https:\/\/11simposioesocite.ufpa.br\/?page_id=910\">Confer\u00eancia de Abertura<\/a><\/strong><br><br><\/td><td class=\"has-text-align-center\" data-align=\"center\"><strong><a href=\"https:\/\/11simposioesocite.ufpa.br\/?page_id=213\">Conversa com Autoras e Autores<\/a><\/strong><\/td><td class=\"has-text-align-center\" data-align=\"center\"><strong><a href=\"https:\/\/11simposioesocite.ufpa.br\/?page_id=207\">Aglomerados<\/a><\/strong><\/td><\/tr><tr><td>12h00 &#8211; 14h00<\/td><td class=\"has-text-align-center\" data-align=\"center\">Almo\u00e7o<\/td><td class=\"has-text-align-center\" data-align=\"center\">Almo\u00e7o<\/td><td class=\"has-text-align-center\" data-align=\"center\">Almo\u00e7o<\/td><\/tr><tr><td>14h00 &#8211; 16h00<\/td><td class=\"has-text-align-center\" data-align=\"center\"><strong><strong><a href=\"https:\/\/11simposioesocite.ufpa.br\/?page_id=188\">GTs e P\u00f4steres<\/a><\/strong><\/strong><\/td><td class=\"has-text-align-center\" data-align=\"center\"><strong><strong><a href=\"https:\/\/11simposioesocite.ufpa.br\/?page_id=188\">GTs e P\u00f4steres<\/a><\/strong><\/strong><\/td><td class=\"has-text-align-center\" data-align=\"center\"><br><strong><a href=\"https:\/\/11simposioesocite.ufpa.br\/?page_id=188\">GTs e P\u00f4steres<\/a><\/strong>*<br><br><strong>ATEN\u00c7\u00c3O!<\/strong><br>Neste dia, as atividades da tarde come\u00e7ar\u00e3o <strong>\u00e0s 13h30<\/strong> e encerrar\u00e3o <strong>30 minutos mais cedo<\/strong> que o habitual.<br><\/td><\/tr><tr><td>16h00 &#8211; 16h30<\/td><td class=\"has-text-align-center\" data-align=\"center\">Coffee break<\/td><td class=\"has-text-align-center\" data-align=\"center\">Coffee break<\/td><td class=\"has-text-align-center\" data-align=\"center\">Coffee break<\/td><\/tr><tr><td>16h30 &#8211; 18h00<\/td><td class=\"has-text-align-center\" data-align=\"center\"><br><strong><a href=\"https:\/\/11simposioesocite.ufpa.br\/?page_id=191\">Mesas Redondas<\/a><\/strong><br><br><\/td><td class=\"has-text-align-center\" data-align=\"center\"><strong><a href=\"https:\/\/11simposioesocite.ufpa.br\/?page_id=191\">Mesas Redondas<\/a><\/strong><\/td><td class=\"has-text-align-center\" data-align=\"center\"><strong><a href=\"https:\/\/11simposioesocite.ufpa.br\/?page_id=191\">Mesas Redondas<\/a><\/strong><\/td><\/tr><tr><td>17h30 &#8211; 18h30<\/td><td class=\"has-text-align-center\" data-align=\"center\"><\/td><td class=\"has-text-align-center\" data-align=\"center\"><\/td><td class=\"has-text-align-center\" data-align=\"center\"><br><strong>Assembl\u00e9ia + Pr\u00eamio ESOCITE.BR<\/strong><br><br>Local: Audit\u00f3rio do IFCH<br><\/td><\/tr><tr><td>18h00 &#8211; 20h00<\/td><td class=\"has-text-align-center\" data-align=\"center\"><br><strong><a href=\"https:\/\/11simposioesocite.ufpa.br\/?page_id=208\">F\u00f3runs<\/a><\/strong><br><br><\/td><td class=\"has-text-align-center\" data-align=\"center\"><strong><a href=\"https:\/\/11simposioesocite.ufpa.br\/?page_id=208\">F\u00f3runs <\/a><\/strong><\/td><td class=\"has-text-align-center\" data-align=\"center\"><\/td><\/tr><tr><td>20h00<\/td><td class=\"has-text-align-center\" data-align=\"center\">Lan\u00e7amento da <strong><a href=\"https:\/\/11simposioesocite.ufpa.br\/?page_id=1036\">Revista Brasileira de Estudos CTS<\/a><\/strong> + Coquetel<\/td><td class=\"has-text-align-center\" data-align=\"center\"><\/td><td class=\"has-text-align-center\" data-align=\"center\"><\/td><\/tr><tr><td>20h30<\/td><td class=\"has-text-align-center\" data-align=\"center\"><\/td><td class=\"has-text-align-center\" data-align=\"center\"><strong><a href=\"https:\/\/11simposioesocite.ufpa.br\/?page_id=1179\">Jantar por ades\u00e3o<\/a><\/strong><\/td><td class=\"has-text-align-center\" data-align=\"center\"><\/td><\/tr><\/tbody><\/table><\/figure>\n\n\n\n<p><\/p>\n\n\n\n<p><\/p>\n","protected":false},"excerpt":{"rendered":"<p>Programa\u00e7\u00e3o Geral do 11\u00b0 Simp\u00f3sio Nacional de Ci\u00eancia, Tecnologia e Sociedade 17 a 19 de setembro de 2025 &#8211; Bel\u00e9m-PA Atividade Dias Hor\u00e1rio Local Credenciamento 17 e 18\/09\/2025 8h \u00e0s 17h30 Espa\u00e7o de Ensino Mirante do Rio | sala 212 (2o andar)- UFPA Hor\u00e1rio 17\/09 18\/09 19\/09 8h00 &#8211; 9h30 Minicursos e Oficinas Minicursos e&#8230;<\/p>\n","protected":false},"author":1,"featured_media":0,"parent":0,"menu_order":0,"comment_status":"closed","ping_status":"closed","template":"","meta":{"_themeisle_gutenberg_block_has_review":false,"footnotes":""},"class_list":["post-672","page","type-page","status-publish","hentry"],"_links":{"self":[{"href":"https:\/\/11simposioesocite.ufpa.br\/index.php?rest_route=\/wp\/v2\/pages\/672","targetHints":{"allow":["GET"]}}],"collection":[{"href":"https:\/\/11simposioesocite.ufpa.br\/index.php?rest_route=\/wp\/v2\/pages"}],"about":[{"href":"https:\/\/11simposioesocite.ufpa.br\/index.php?rest_route=\/wp\/v2\/types\/page"}],"author":[{"embeddable":true,"href":"https:\/\/11simposioesocite.ufpa.br\/index.php?rest_route=\/wp\/v2\/users\/1"}],"replies":[{"embeddable":true,"href":"https:\/\/11simposioesocite.ufpa.br\/index.php?rest_route=%2Fwp%2Fv2%2Fcomments&post=672"}],"version-history":[{"count":23,"href":"https:\/\/11simposioesocite.ufpa.br\/index.php?rest_route=\/wp\/v2\/pages\/672\/revisions"}],"predecessor-version":[{"id":1249,"href":"https:\/\/11simposioesocite.ufpa.br\/index.php?rest_route=\/wp\/v2\/pages\/672\/revisions\/1249"}],"wp:attachment":[{"href":"https:\/\/11simposioesocite.ufpa.br\/index.php?rest_route=%2Fwp%2Fv2%2Fmedia&parent=672"}],"curies":[{"name":"wp","href":"https:\/\/api.w.org\/{rel}","templated":true}]}}