{"id":660,"date":"2025-07-16T11:36:09","date_gmt":"2025-07-16T14:36:09","guid":{"rendered":"https:\/\/11simposioesocite.ufpa.br\/?page_id=660"},"modified":"2025-09-15T10:13:19","modified_gmt":"2025-09-15T13:13:19","slug":"of-2-costurando-tecnologias-do-cuidado","status":"publish","type":"page","link":"https:\/\/11simposioesocite.ufpa.br\/?page_id=660","title":{"rendered":"OF 2 &#8211; Costurando tecnologias do cuidado"},"content":{"rendered":"\n<p>Em tempos de emerg\u00eancia clim\u00e1tica global e da nossa busca desesperada por respostas contra o fim do mundo, a ci\u00eancia e a tecnologia podem funcionar como instrumentos capazes de provocar transforma\u00e7\u00f5es em nossa forma de agir. Mudar nossa a\u00e7\u00e3o \u00e9 urgente considerando que o planeta sofre r\u00e1pidas transforma\u00e7\u00f5es em fun\u00e7\u00e3o do aquecimento global e da intensifica\u00e7\u00e3o do efeito estufa na atmosfera. A urg\u00eancia clim\u00e1tica \u00e9 ambiental, social, pol\u00edtica, epist\u00eamica. Acreditamos que se n\u00e3o houver uma r\u00e1pida interven\u00e7\u00e3o em todos esses setores da sociedade, teremos consequ\u00eancias clim\u00e1ticas ainda mais avassaladoras. Dessa forma, o que fazemos hoje, pode redefinir o amanh\u00e3.<br>Esta oficina pretende provocar reflex\u00e3o e a\u00e7\u00e3o no sentido de fortalecer as rela\u00e7\u00f5es entre as ci\u00eancias, as tecnologias e os aspectos sociais, pol\u00edticos, econ\u00f4micos e culturais que as atravessam. Inspiradas pela perspectiva de que \u00e9 necess\u00e1rio pensar globalmente e agir localmente, suas proponentes desejam construir coletivamente um grande painel\/colcha de retalhos capaz de refletir a\u00e7\u00f5es imediatas para conter a destrui\u00e7\u00e3o do planeta. Durante a realiza\u00e7\u00e3o da oficina ser\u00e3o impulsionadas discuss\u00f5es acerca do important\u00edssimo papel das pesquisas realizadas, especialmente as que est\u00e3o fora do eixo de produ\u00e7\u00e3o cient\u00edfica, para promover um desenvolvimento cient\u00edfico e tecnol\u00f3gico comprometido com a urg\u00eancia das quest\u00f5es ambientais.<br>A hip\u00f3tese aqui \u00e9 a de que conhecer os lugares, os povos e os ambientes mais impactados pela crise clim\u00e1tica e reconhecer nesses mesmos ambientes elementos fortes de conten\u00e7\u00e3o pode ajudar a conscientizar e provocar a\u00e7\u00f5es transformadoras. Destacamos que esses elementos ou instrumentos est\u00e3o diretamente relacionados a forma de conhecimento, ci\u00eancia e tecnologia atravessados por uma organiza\u00e7\u00e3o social potente na busca por solu\u00e7\u00f5es e nas a\u00e7\u00f5es cotidianas que podem conduzir \u00e0 transforma\u00e7\u00e3o.<br>Para a constru\u00e7\u00e3o do grande painel\/colcha de retalhos, cada participante da oficina dever\u00e1 trazer um objeto da ci\u00eancia e da tecnologia que considere relevante para uma a\u00e7\u00e3o contundente de combate \u00e0 destrui\u00e7\u00e3o e \u00e0 morte. Importante informar que este objeto (que pode ser tamb\u00e9m a imagem do objeto, tomada por foto, desenho, arte, bordado, roupa e outra express\u00e3o) ser\u00e1 apensado \u00e0 nossa pe\u00e7a final. Tamb\u00e9m solicitamos que tragam linhas, agulhas, colas, tintas, pedrarias, la\u00e7os, bot\u00f5es, tecidos e tudo o mais que julgarem importantes para construir conjuntamente nosso painel\/colcha de retalhos.<br>Ao final da oficina esperamos ter completado a constru\u00e7\u00e3o de uma pe\u00e7a que dever\u00e1 ser exposta ainda durante o evento e que possa conduzir a reflex\u00f5es sobre o que podemos fazer para garantir sustentabilidade e equidade em termos de ci\u00eancia, tecnologia e sociedades. Concretamente, esta oficina re\u00fane um grupo de pessoas preocupadas com a crise clim\u00e1tica e dispostas a uma a\u00e7\u00e3o urgente que provoque transforma\u00e7\u00f5es significativas em diversos setores, desde a mudan\u00e7a de h\u00e1bitos e comportamentos at\u00e9 a transforma\u00e7\u00e3o do uso de recursos naturais e de m\u00e9todos de produ\u00e7\u00e3o. Tudo isso estar\u00e1 expresso em nossa pe\u00e7a final que tem a grande miss\u00e3o de conter as consequ\u00eancias clim\u00e1ticas.<\/p>\n\n\n\n<figure class=\"wp-block-table\"><table class=\"has-fixed-layout\"><tbody><tr><td><strong>Luciene de Oliveira Dias<\/strong><\/td><td><strong>UFG<\/strong><\/td><\/tr><\/tbody><\/table><\/figure>\n\n\n\n<ul class=\"wp-block-list\">\n<li>Data: 17\/09\/2025<\/li>\n\n\n\n<li>Hor\u00e1rio: 8h00 \u2013 9h30<\/li>\n\n\n\n<li>Local: Mirante do Rio \u2013 sala 205 (2o andar)<\/li>\n<\/ul>\n","protected":false},"excerpt":{"rendered":"<p>Em tempos de emerg\u00eancia clim\u00e1tica global e da nossa busca desesperada por respostas contra o fim do mundo, a ci\u00eancia e a tecnologia podem funcionar como instrumentos capazes de provocar transforma\u00e7\u00f5es em nossa forma de agir. Mudar nossa a\u00e7\u00e3o \u00e9 urgente considerando que o planeta sofre r\u00e1pidas transforma\u00e7\u00f5es em fun\u00e7\u00e3o do aquecimento global e da&#8230;<\/p>\n","protected":false},"author":1,"featured_media":0,"parent":0,"menu_order":0,"comment_status":"closed","ping_status":"closed","template":"","meta":{"_themeisle_gutenberg_block_has_review":false,"footnotes":""},"class_list":["post-660","page","type-page","status-publish","hentry"],"_links":{"self":[{"href":"https:\/\/11simposioesocite.ufpa.br\/index.php?rest_route=\/wp\/v2\/pages\/660","targetHints":{"allow":["GET"]}}],"collection":[{"href":"https:\/\/11simposioesocite.ufpa.br\/index.php?rest_route=\/wp\/v2\/pages"}],"about":[{"href":"https:\/\/11simposioesocite.ufpa.br\/index.php?rest_route=\/wp\/v2\/types\/page"}],"author":[{"embeddable":true,"href":"https:\/\/11simposioesocite.ufpa.br\/index.php?rest_route=\/wp\/v2\/users\/1"}],"replies":[{"embeddable":true,"href":"https:\/\/11simposioesocite.ufpa.br\/index.php?rest_route=%2Fwp%2Fv2%2Fcomments&post=660"}],"version-history":[{"count":3,"href":"https:\/\/11simposioesocite.ufpa.br\/index.php?rest_route=\/wp\/v2\/pages\/660\/revisions"}],"predecessor-version":[{"id":1221,"href":"https:\/\/11simposioesocite.ufpa.br\/index.php?rest_route=\/wp\/v2\/pages\/660\/revisions\/1221"}],"wp:attachment":[{"href":"https:\/\/11simposioesocite.ufpa.br\/index.php?rest_route=%2Fwp%2Fv2%2Fmedia&parent=660"}],"curies":[{"name":"wp","href":"https:\/\/api.w.org\/{rel}","templated":true}]}}