{"id":657,"date":"2025-07-16T11:39:35","date_gmt":"2025-07-16T14:39:35","guid":{"rendered":"https:\/\/11simposioesocite.ufpa.br\/?page_id=657"},"modified":"2025-09-15T13:45:29","modified_gmt":"2025-09-15T16:45:29","slug":"oficina-de-micro-radio-do-analogico-ao-digital-na-autonomia-da-circulacao-de-informacao","status":"publish","type":"page","link":"https:\/\/11simposioesocite.ufpa.br\/?page_id=657","title":{"rendered":"OF 5 &#8211; Oficina de Micro-r\u00e1dio: do anal\u00f3gico ao digital na autonomia da circula\u00e7\u00e3o de informa\u00e7\u00e3o"},"content":{"rendered":"\n<p>A oficina tem por objetivo fomentar o exerc\u00edcio da liberdade de express\u00e3o, garantido pela Constitui\u00e7\u00e3o Brasileira e na Declara\u00e7\u00e3o Universal dos Direitos Humanos, atrav\u00e9s da montagem coletiva de uma micro-esta\u00e7\u00e3o de r\u00e1dio. A proposta se alia \u00e0 pr\u00e1tica das r\u00e1dios livres, que historicamente defendem a \u201creforma agr\u00e1ria do ar\u201d, localizando espa\u00e7os vazios no espectro para radiodifus\u00e3o, valorizando a oralidade que aproxima crian\u00e7as dos mais velhos, a cultura local e a educa\u00e7\u00e3o popular e de sa\u00fade alternativas. Discutiremos a emerg\u00eancia da gest\u00e3o din\u00e2mica do espectro, superando o modelo exclusivo de concess\u00f5es, e a possibilidade de autonomia na circula\u00e7\u00e3o de informa\u00e7\u00f5es, contrastando com o consumo alienado de plataformas digitais. A chegada do r\u00e1dio digital, que transforma o meio r\u00e1dio em um canal de transmiss\u00e3o de dados, amplia ainda mais essas possibilidades, a partir do que se prop\u00f5e o trabalho de imagina\u00e7\u00e3o sobre como criarmos um ecossistema de comunica\u00e7\u00e3o social atento \u00e0 complementaridade e equil\u00edbrio necess\u00e1rios entre as infraestruturas que viabilizam a esfera p\u00fablica de comunica\u00e7\u00e3o.<\/p>\n\n\n\n<p>A oficina tem como objetivos espec\u00edficos: capacitar participantes na montagem de micro-r\u00e1dios; debater o direito \u00e0 comunica\u00e7\u00e3o e a democratiza\u00e7\u00e3o do espectro; fomentar a produ\u00e7\u00e3o colaborativa de programa\u00e7\u00e3o cultural, educativa e de sa\u00fade; imaginar as potencialidades do r\u00e1dio digital no pa\u00eds.<\/p>\n\n\n\n<p>A metodologia se divide entre parte te\u00f3rica e pr\u00e1tica.<\/p>\n\n\n\n<p>Inicialmente, prop\u00f5e-se a discuss\u00e3o sobre a legisla\u00e7\u00e3o de radiodifus\u00e3o, os direitos humanos e gest\u00e3o do espectro, em um contexto de monop\u00f3lio e oligop\u00f3lio inconstitucionais da comunica\u00e7\u00e3o social no Brasil; debate sobre ind\u00fastria cultural e a pr\u00e1tica do jab\u00e1 nas r\u00e1dios; e sobre as cria\u00e7\u00e3o colaborativa e de obras derivadas a partir de licenciamento flex\u00edvel de propriedade intelectual, apresentando os valores da cultura livre e do movimento do software livre.<\/p>\n\n\n\n<p>A parte pr\u00e1tica prev\u00ea a instala\u00e7\u00e3o de antena, cabo e transmissor de baix\u00edssima pot\u00eancia (utilizado em tradu\u00e7\u00f5es simult\u00e2neas sem necessidade de concess\u00e3o). Simularemos a cria\u00e7\u00e3o de um coletivo horizontal gestor da r\u00e1dio, dividindo tarefas e discutindo a programa\u00e7\u00e3o da r\u00e1dio. Faremos teste de recep\u00e7\u00e3o do sinal utilizando r\u00e1dios fm de baixo custo. Diferentes equipes ficar\u00e3o respons\u00e1veis por organizar e gerar conte\u00fado, que pode incluir entrevistas e cobertura de atividades do Esocite.<\/p>\n\n\n\n<p>Entre os resultados, prev\u00ea-se a forma\u00e7\u00e3o de multiplicadores de r\u00e1dio livre; o incentivo \u00e0 produ\u00e7\u00e3o de conte\u00fado educativo e de cultura local; a sensibiliza\u00e7\u00e3o para a luta por pol\u00edticas p\u00fablicas mais inclusivas no espectro; e a qualifica\u00e7\u00e3o do debate em torno da ado\u00e7\u00e3o do r\u00e1dio digital no Brasil e sua import\u00e2ncia para a circula\u00e7\u00e3o aut\u00f4noma de dados.<\/p>\n\n\n\n<figure class=\"wp-block-table\"><table class=\"has-fixed-layout\"><tbody><tr><td><strong>Thiago Oliveira da Silva Novaes<\/strong><\/td><td><strong>UFF<\/strong><\/td><\/tr><tr><td><strong>Leonardo Ribeiro da Cruz<\/strong><\/td><td><strong>UFPA<\/strong><\/td><\/tr><\/tbody><\/table><\/figure>\n\n\n\n<ul class=\"wp-block-list\">\n<li>Data: 18\/09\/2025 e 19\/09\/2025<\/li>\n\n\n\n<li>Hor\u00e1rio: 8h00 \u2013 9h30<\/li>\n\n\n\n<li>Local: Laborat\u00f3rio ICEN<\/li>\n<\/ul>\n","protected":false},"excerpt":{"rendered":"<p>A oficina tem por objetivo fomentar o exerc\u00edcio da liberdade de express\u00e3o, garantido pela Constitui\u00e7\u00e3o Brasileira e na Declara\u00e7\u00e3o Universal dos Direitos Humanos, atrav\u00e9s da montagem coletiva de uma micro-esta\u00e7\u00e3o de r\u00e1dio. A proposta se alia \u00e0 pr\u00e1tica das r\u00e1dios livres, que historicamente defendem a \u201creforma agr\u00e1ria do ar\u201d, localizando espa\u00e7os vazios no espectro para&#8230;<\/p>\n","protected":false},"author":1,"featured_media":0,"parent":0,"menu_order":0,"comment_status":"closed","ping_status":"closed","template":"","meta":{"_themeisle_gutenberg_block_has_review":false,"footnotes":""},"class_list":["post-657","page","type-page","status-publish","hentry"],"_links":{"self":[{"href":"https:\/\/11simposioesocite.ufpa.br\/index.php?rest_route=\/wp\/v2\/pages\/657","targetHints":{"allow":["GET"]}}],"collection":[{"href":"https:\/\/11simposioesocite.ufpa.br\/index.php?rest_route=\/wp\/v2\/pages"}],"about":[{"href":"https:\/\/11simposioesocite.ufpa.br\/index.php?rest_route=\/wp\/v2\/types\/page"}],"author":[{"embeddable":true,"href":"https:\/\/11simposioesocite.ufpa.br\/index.php?rest_route=\/wp\/v2\/users\/1"}],"replies":[{"embeddable":true,"href":"https:\/\/11simposioesocite.ufpa.br\/index.php?rest_route=%2Fwp%2Fv2%2Fcomments&post=657"}],"version-history":[{"count":4,"href":"https:\/\/11simposioesocite.ufpa.br\/index.php?rest_route=\/wp\/v2\/pages\/657\/revisions"}],"predecessor-version":[{"id":1236,"href":"https:\/\/11simposioesocite.ufpa.br\/index.php?rest_route=\/wp\/v2\/pages\/657\/revisions\/1236"}],"wp:attachment":[{"href":"https:\/\/11simposioesocite.ufpa.br\/index.php?rest_route=%2Fwp%2Fv2%2Fmedia&parent=657"}],"curies":[{"name":"wp","href":"https:\/\/api.w.org\/{rel}","templated":true}]}}