{"id":243,"date":"2025-01-21T19:10:32","date_gmt":"2025-01-21T22:10:32","guid":{"rendered":"https:\/\/11simposioesocite.ufpa.br\/?page_id=243"},"modified":"2025-07-30T20:24:06","modified_gmt":"2025-07-30T23:24:06","slug":"colaboradores","status":"publish","type":"page","link":"https:\/\/11simposioesocite.ufpa.br\/?page_id=243","title":{"rendered":"Realiza\u00e7\u00e3o"},"content":{"rendered":"\n<p><strong>Realiza\u00e7\u00e3o<\/strong><\/p>\n\n\n\n<p>Associa\u00e7\u00e3o Brasileira de Estudos Sociais das Ci\u00eancias e das Tecnologias \u2013 ESOCITE.BR:&nbsp;<a href=\"https:\/\/www.esocite.org.br\/\"><u>https:\/\/www.esocite.org.br\/<\/u><\/a><\/p>\n\n\n\n<ul class=\"wp-block-list\">\n<li>Instagram:&nbsp;<a href=\"https:\/\/www.instagram.com\/esocite.br\/\"><u>https:\/\/www.instagram.com\/esocite.br\/<\/u><\/a><\/li>\n<\/ul>\n\n\n\n<p><strong>Organiza\u00e7\u00e3o<\/strong><\/p>\n\n\n\n<p>Programa de P\u00f3s-gradua\u00e7\u00e3o em Sociologia e Antropologia (PPGSA):&nbsp;<a href=\"https:\/\/ppgsa.propesp.ufpa.br\/index.php\/br\/programa\/apresentacao\"><u>https:\/\/ppgsa.propesp.ufpa.br\/<\/u><\/a><\/p>\n\n\n\n<ul class=\"wp-block-list\">\n<li>Instagram:&nbsp;<a href=\"https:\/\/www.instagram.com\/ppgsa.ufpa\/\"><u>https:\/\/www.instagram.com\/ppgsa.ufpa\/<\/u><\/a><\/li>\n<\/ul>\n\n\n\n<p>Programa de P\u00f3s-Gradua\u00e7\u00e3o em Ci\u00eancia da Computa\u00e7\u00e3o da UFPA: <a href=\"https:\/\/ppgcc.propesp.ufpa.br\/index.php\/br\/\">https:\/\/ppgcc.propesp.ufpa.br\/index.php\/br\/<\/a><\/p>\n\n\n\n<p>Ag\u00eancia de Inova\u00e7\u00e3o Tecnol\u00f3gica\/UNIVERSITEC: <a href=\"https:\/\/universitec.ufpa.br\/\">https:\/\/universitec.ufpa.br\/<\/a><\/p>\n\n\n\n<p>Universidade Federal do Par\u00e1:&nbsp;<a href=\"https:\/\/ufpa.br\/\"><u>https:\/\/ufpa.br\/<\/u><\/a><\/p>\n\n\n\n<p>Ci\u00eancias e Vozes da Amaz\u00f4nia COP 30 &#8211; <a href=\"https:\/\/amazonianacop.ufpa.br\/\">https:\/\/amazonianacop.ufpa.br\/<\/a><\/p>\n\n\n\n<p>Instituto Federal do Par\u00e1:&nbsp;<a href=\"https:\/\/ifpa.edu.br\/\"><u>https:\/\/ifpa.edu.br\/<\/u><\/a><\/p>\n\n\n\n<p>Museu Paraense Em\u00edlio Goeldi:&nbsp;<a href=\"https:\/\/www.gov.br\/museugoeldi\/pt-br\">https:\/\/www.gov.br\/museugoeldi\/pt-br<\/a><\/p>\n\n\n\n<p>N\u00facleo de Pesquisa em Educa\u00e7\u00e3o e Cibercultura do Instituto Federal do Par\u00e1 \u2013 NUPEC IFPA:&nbsp;<a href=\"https:\/\/nupecifpa.com\/\"><u>https:\/\/nupecifpa.com\/<\/u><\/a><\/p>\n\n\n\n<p>Laborat\u00f3rio de Estudos Sociot\u00e9cnicos da Universidade Federal do Par\u00e1: LAES-UFPA:&nbsp;<a href=\"https:\/\/laes.ufpa.br\/\"><u>https:\/\/laes.ufpa.br\/<\/u><\/a><\/p>\n\n\n\n<p><strong>Apoio<\/strong><\/p>\n\n\n\n<p>Conselho Nacional de Desenvolvimento Cient\u00edfico e Tecnol\u00f3gico &#8211; CNPq &#8211; <a href=\"https:\/\/www.gov.br\/cnpq\/pt-br\">https:\/\/www.gov.br\/cnpq\/pt-br<\/a><\/p>\n\n\n\n<p>Comit\u00ea Gestor da Internet no Brasil (CGI.br) &#8211; <a href=\"https:\/\/cgi.br\/\">https:\/\/cgi.br\/<\/a><\/p>\n","protected":false},"excerpt":{"rendered":"<p>Realiza\u00e7\u00e3o Associa\u00e7\u00e3o Brasileira de Estudos Sociais das Ci\u00eancias e das Tecnologias \u2013 ESOCITE.BR:&nbsp;https:\/\/www.esocite.org.br\/ Organiza\u00e7\u00e3o Programa de P\u00f3s-gradua\u00e7\u00e3o em Sociologia e Antropologia (PPGSA):&nbsp;https:\/\/ppgsa.propesp.ufpa.br\/ Programa de P\u00f3s-Gradua\u00e7\u00e3o em Ci\u00eancia da Computa\u00e7\u00e3o da UFPA: https:\/\/ppgcc.propesp.ufpa.br\/index.php\/br\/ Ag\u00eancia de Inova\u00e7\u00e3o Tecnol\u00f3gica\/UNIVERSITEC: https:\/\/universitec.ufpa.br\/ Universidade Federal do Par\u00e1:&nbsp;https:\/\/ufpa.br\/ Ci\u00eancias e Vozes da Amaz\u00f4nia COP 30 &#8211; https:\/\/amazonianacop.ufpa.br\/ Instituto Federal do Par\u00e1:&nbsp;https:\/\/ifpa.edu.br\/ Museu&#8230;<\/p>\n","protected":false},"author":1,"featured_media":0,"parent":0,"menu_order":0,"comment_status":"closed","ping_status":"closed","template":"","meta":{"_themeisle_gutenberg_block_has_review":false,"footnotes":""},"class_list":["post-243","page","type-page","status-publish","hentry"],"_links":{"self":[{"href":"https:\/\/11simposioesocite.ufpa.br\/index.php?rest_route=\/wp\/v2\/pages\/243","targetHints":{"allow":["GET"]}}],"collection":[{"href":"https:\/\/11simposioesocite.ufpa.br\/index.php?rest_route=\/wp\/v2\/pages"}],"about":[{"href":"https:\/\/11simposioesocite.ufpa.br\/index.php?rest_route=\/wp\/v2\/types\/page"}],"author":[{"embeddable":true,"href":"https:\/\/11simposioesocite.ufpa.br\/index.php?rest_route=\/wp\/v2\/users\/1"}],"replies":[{"embeddable":true,"href":"https:\/\/11simposioesocite.ufpa.br\/index.php?rest_route=%2Fwp%2Fv2%2Fcomments&post=243"}],"version-history":[{"count":17,"href":"https:\/\/11simposioesocite.ufpa.br\/index.php?rest_route=\/wp\/v2\/pages\/243\/revisions"}],"predecessor-version":[{"id":758,"href":"https:\/\/11simposioesocite.ufpa.br\/index.php?rest_route=\/wp\/v2\/pages\/243\/revisions\/758"}],"wp:attachment":[{"href":"https:\/\/11simposioesocite.ufpa.br\/index.php?rest_route=%2Fwp%2Fv2%2Fmedia&parent=243"}],"curies":[{"name":"wp","href":"https:\/\/api.w.org\/{rel}","templated":true}]}}