{"id":197,"date":"2025-01-08T16:50:58","date_gmt":"2025-01-08T19:50:58","guid":{"rendered":"https:\/\/11simposioesocite.ufpa.br\/?page_id=197"},"modified":"2025-09-11T10:58:53","modified_gmt":"2025-09-11T13:58:53","slug":"minicursos","status":"publish","type":"page","link":"https:\/\/11simposioesocite.ufpa.br\/?page_id=197","title":{"rendered":"Minicursos"},"content":{"rendered":"\n<figure class=\"wp-block-embed is-type-wp-embed is-provider-m-dia-incorporada wp-block-embed-m-dia-incorporada\"><div class=\"wp-block-embed__wrapper\">\n<blockquote class=\"wp-embedded-content\" data-secret=\"JQC4gxr97y\"><a href=\"https:\/\/11simposioesocite.ufpa.br\/?page_id=582\">MC 01 &#8211; Como compor o \u201csocial\u201d a partir de nossos objetos de estudo? Uma introdu\u00e7\u00e3o \u00e0 Teoria Ator-Rede diante da emerg\u00eancia clim\u00e1tica<\/a><\/blockquote><iframe loading=\"lazy\" class=\"wp-embedded-content\" sandbox=\"allow-scripts\" security=\"restricted\" style=\"position: absolute; visibility: hidden;\" title=\"&#8220;MC 01 &#8211; Como compor o \u201csocial\u201d a partir de nossos objetos de estudo? Uma introdu\u00e7\u00e3o \u00e0 Teoria Ator-Rede diante da emerg\u00eancia clim\u00e1tica&#8221; &#8212; \" src=\"https:\/\/11simposioesocite.ufpa.br\/?page_id=582&#038;embed=true#?secret=M6eMC2AgYU#?secret=JQC4gxr97y\" data-secret=\"JQC4gxr97y\" width=\"600\" height=\"338\" frameborder=\"0\" marginwidth=\"0\" marginheight=\"0\" scrolling=\"no\"><\/iframe>\n<\/div><\/figure>\n\n\n\n<ul class=\"wp-block-list\">\n<li>Data: 17, 18 e 19\/09\/2025<\/li>\n\n\n\n<li>Hor\u00e1rio: 8h00 \u2013 9h30<\/li>\n\n\n\n<li>Local: Mirante do Rio &#8211; sala 201 (2o andar)<\/li>\n<\/ul>\n\n\n\n<figure class=\"wp-block-embed is-type-wp-embed is-provider-m-dia-incorporada wp-block-embed-m-dia-incorporada\"><div class=\"wp-block-embed__wrapper\">\n<blockquote class=\"wp-embedded-content\" data-secret=\"rEGoNKhwUq\"><a href=\"https:\/\/11simposioesocite.ufpa.br\/?page_id=556\">MC 02 &#8211; Hist\u00f3ria das Ci\u00eancias e Tecnologia no Ensino Fundamental<\/a><\/blockquote><iframe loading=\"lazy\" class=\"wp-embedded-content\" sandbox=\"allow-scripts\" security=\"restricted\" style=\"position: absolute; visibility: hidden;\" title=\"&#8220;MC 02 &#8211; Hist\u00f3ria das Ci\u00eancias e Tecnologia no Ensino Fundamental&#8221; &#8212; \" src=\"https:\/\/11simposioesocite.ufpa.br\/?page_id=556&#038;embed=true#?secret=ZTGrQk6StM#?secret=rEGoNKhwUq\" data-secret=\"rEGoNKhwUq\" width=\"600\" height=\"338\" frameborder=\"0\" marginwidth=\"0\" marginheight=\"0\" scrolling=\"no\"><\/iframe>\n<\/div><\/figure>\n\n\n\n<ul class=\"wp-block-list\">\n<li>Data: 17, 18 e 19\/09\/2025<\/li>\n\n\n\n<li>Hor\u00e1rio: 8h00 \u2013 9h30<\/li>\n\n\n\n<li>Local: Mirante do Rio &#8211; sala 202 (2o andar)<\/li>\n<\/ul>\n\n\n\n<figure class=\"wp-block-embed is-type-wp-embed is-provider-m-dia-incorporada wp-block-embed-m-dia-incorporada\"><div class=\"wp-block-embed__wrapper\">\n<blockquote class=\"wp-embedded-content\" data-secret=\"N6PhIw2Mv5\"><a href=\"https:\/\/11simposioesocite.ufpa.br\/?page_id=559\">MC 03 &#8211; Pensando a Governan\u00e7a da Internet a partir dos Estudos CTS<\/a><\/blockquote><iframe loading=\"lazy\" class=\"wp-embedded-content\" sandbox=\"allow-scripts\" security=\"restricted\" style=\"position: absolute; visibility: hidden;\" title=\"&#8220;MC 03 &#8211; Pensando a Governan\u00e7a da Internet a partir dos Estudos CTS&#8221; &#8212; \" src=\"https:\/\/11simposioesocite.ufpa.br\/?page_id=559&#038;embed=true#?secret=4T7xVAv3Jc#?secret=N6PhIw2Mv5\" data-secret=\"N6PhIw2Mv5\" width=\"600\" height=\"338\" frameborder=\"0\" marginwidth=\"0\" marginheight=\"0\" scrolling=\"no\"><\/iframe>\n<\/div><\/figure>\n\n\n\n<ul class=\"wp-block-list\">\n<li>Data: 17, 18 e 19\/09\/2025<\/li>\n\n\n\n<li>Hor\u00e1rio: 8h00 \u2013 9h30<\/li>\n\n\n\n<li>Local: Mirante do Rio &#8211; sala 203 (2o andar)<\/li>\n<\/ul>\n\n\n\n<figure class=\"wp-block-embed is-type-wp-embed is-provider-m-dia-incorporada wp-block-embed-m-dia-incorporada\"><div class=\"wp-block-embed__wrapper\">\n<blockquote class=\"wp-embedded-content\" data-secret=\"WVMJR7Rji3\"><a href=\"https:\/\/11simposioesocite.ufpa.br\/?page_id=587\">MC 04 &#8211; Construindo um caderno de campo hyperlinkado: estruturas de organiza\u00e7\u00e3o de dados digitais em softwares de notas<\/a><\/blockquote><iframe loading=\"lazy\" class=\"wp-embedded-content\" sandbox=\"allow-scripts\" security=\"restricted\" style=\"position: absolute; visibility: hidden;\" title=\"&#8220;MC 04 &#8211; Construindo um caderno de campo hyperlinkado: estruturas de organiza\u00e7\u00e3o de dados digitais em softwares de notas&#8221; &#8212; \" src=\"https:\/\/11simposioesocite.ufpa.br\/?page_id=587&#038;embed=true#?secret=eVVnjBXBh2#?secret=WVMJR7Rji3\" data-secret=\"WVMJR7Rji3\" width=\"600\" height=\"338\" frameborder=\"0\" marginwidth=\"0\" marginheight=\"0\" scrolling=\"no\"><\/iframe>\n<\/div><\/figure>\n\n\n\n<ul class=\"wp-block-list\">\n<li>Data: 17, 18 e 19\/09\/2025<\/li>\n\n\n\n<li>Hor\u00e1rio: 8h00 \u2013 9h30<\/li>\n\n\n\n<li>Local: Laborat\u00f3rio ICEN<\/li>\n<\/ul>\n\n\n\n<figure class=\"wp-block-embed is-type-wp-embed is-provider-m-dia-incorporada wp-block-embed-m-dia-incorporada\"><div class=\"wp-block-embed__wrapper\">\n<blockquote class=\"wp-embedded-content\" data-secret=\"d8sC848uMT\"><a href=\"https:\/\/11simposioesocite.ufpa.br\/?page_id=695\">MC 05 &#8211; Estat\u00edstica como Pr\u00e1tica de Bruxaria nas Ci\u00eancias Humanas: desvendando feiti\u00e7os, f\u00f3rmulas e fen\u00f4menos sociais<\/a><\/blockquote><iframe loading=\"lazy\" class=\"wp-embedded-content\" sandbox=\"allow-scripts\" security=\"restricted\" style=\"position: absolute; visibility: hidden;\" title=\"&#8220;MC 05 &#8211; Estat\u00edstica como Pr\u00e1tica de Bruxaria nas Ci\u00eancias Humanas: desvendando feiti\u00e7os, f\u00f3rmulas e fen\u00f4menos sociais&#8221; &#8212; \" src=\"https:\/\/11simposioesocite.ufpa.br\/?page_id=695&#038;embed=true#?secret=XRXbp1w6ga#?secret=d8sC848uMT\" data-secret=\"d8sC848uMT\" width=\"600\" height=\"338\" frameborder=\"0\" marginwidth=\"0\" marginheight=\"0\" scrolling=\"no\"><\/iframe>\n<\/div><\/figure>\n\n\n\n<ul class=\"wp-block-list\">\n<li>Data: 18 e 19\/09\/2025<\/li>\n\n\n\n<li>Hor\u00e1rio: 8h00 \u2013 9h30<\/li>\n\n\n\n<li>Local: Laborat\u00f3rio ICEN<\/li>\n<\/ul>\n","protected":false},"excerpt":{"rendered":"","protected":false},"author":1,"featured_media":0,"parent":0,"menu_order":0,"comment_status":"closed","ping_status":"closed","template":"","meta":{"_themeisle_gutenberg_block_has_review":false,"footnotes":""},"class_list":["post-197","page","type-page","status-publish","hentry"],"_links":{"self":[{"href":"https:\/\/11simposioesocite.ufpa.br\/index.php?rest_route=\/wp\/v2\/pages\/197","targetHints":{"allow":["GET"]}}],"collection":[{"href":"https:\/\/11simposioesocite.ufpa.br\/index.php?rest_route=\/wp\/v2\/pages"}],"about":[{"href":"https:\/\/11simposioesocite.ufpa.br\/index.php?rest_route=\/wp\/v2\/types\/page"}],"author":[{"embeddable":true,"href":"https:\/\/11simposioesocite.ufpa.br\/index.php?rest_route=\/wp\/v2\/users\/1"}],"replies":[{"embeddable":true,"href":"https:\/\/11simposioesocite.ufpa.br\/index.php?rest_route=%2Fwp%2Fv2%2Fcomments&post=197"}],"version-history":[{"count":15,"href":"https:\/\/11simposioesocite.ufpa.br\/index.php?rest_route=\/wp\/v2\/pages\/197\/revisions"}],"predecessor-version":[{"id":1175,"href":"https:\/\/11simposioesocite.ufpa.br\/index.php?rest_route=\/wp\/v2\/pages\/197\/revisions\/1175"}],"wp:attachment":[{"href":"https:\/\/11simposioesocite.ufpa.br\/index.php?rest_route=%2Fwp%2Fv2%2Fmedia&parent=197"}],"curies":[{"name":"wp","href":"https:\/\/api.w.org\/{rel}","templated":true}]}}